{"version":"1.0","provider_name":"vadvirag","provider_url":"https:\/\/vadvirag.cafeblog.hu","author_name":"kisiren","author_url":"https:\/\/vadvirag.cafeblog.hu\/author\/kisiren-2-2\/","title":"Fagy kinn fagy","html":"<p style=\"font-style: italic; text-align: center; font-weight: bold;\"><span style=\"color: rgb(0, 0, 255);\"><span style=\"font-size: 24px;\">FEBRU\u00c1R<\/span><\/span><\/p><p style=\"font-style: italic; text-align: center; font-weight: bold;\"><span style=\"color: rgb(0, 0, 255);\">B\u00f6jtel\u0151 hava-T\u00e9lut\u00f3-J\u00e9gbont\u00f3 hava<\/span><\/p><p style=\"font-style: italic; text-align: center;\"><br><\/p><p style=\"font-style: italic; text-align: center;\"><span style=\"color: rgb(0, 0, 255);\">M\u00e1sodik h\u00f3: febru\u00e1r van,<\/span><br><span style=\"color: rgb(0, 0, 255);\">h\u00f3csillagok a hat\u00e1rban;<\/span><br><span style=\"color: rgb(0, 0, 255);\">f\u00e9nyes puska cs\u00f6ve: durr!<\/span><br><span style=\"color: rgb(0, 0, 255);\">Szedd a l\u00e1bad, r\u00f3ka \u00far!<\/span><br><br><span style=\"color: rgb(0, 0, 255);\">Tiszta k\u00e9k az \u00e9gi p\u00e1lya,<\/span><br><span style=\"color: rgb(0, 0, 255);\">f\u00fcst\u00f6lg a h\u00e1zak pip\u00e1ja,<\/span><br><span style=\"color: rgb(0, 0, 255);\">talpas sz\u00e1n a h\u00f3ba v\u00e1g,<\/span><br><span style=\"color: rgb(0, 0, 255);\">cs\u00f6rg a f\u00e1n a sz\u00e1raz \u00e1g.<\/span><br><br><span style=\"color: rgb(0, 0, 255);\">Odalenn a r\u0151t berekben,<\/span><br><span style=\"color: rgb(0, 0, 255);\">j\u00e9g p\u00e1nc\u00e9lja rengve rebben,<\/span><br><span style=\"color: rgb(0, 0, 255);\">pr\u00edmet furuly\u00e1l a sz\u00e9l,<\/span><br><span style=\"color: rgb(0, 0, 255);\">peng a korcsolya-ac\u00e9l.<\/span><\/p><p style=\"font-style: italic; text-align: center; font-weight: bold;\"><span style=\"color: rgb(0, 0, 255);\">Somly\u00f3 Zolt\u00e1n<\/span><\/p><p style=\"font-style: italic; text-align: center; font-weight: bold;\"><br><span style=\"color: rgb(0, 0, 255);\"><\/span><\/p><p style=\"font-style: italic; text-align: center; font-weight: bold;\"><span style=\"color: rgb(0, 0, 255);\"><br><\/span><\/p><p style=\"font-style: italic; text-align: center; font-weight: bold;\"><span style=\"color: rgb(0, 0, 255);\"><span style=\"font-weight: normal;\">Meg\u00e9rkezett korcsoly\u00e1n, <br><\/span><\/span><\/p><p style=\"font-style: italic; text-align: center; font-weight: bold;\"><span style=\"color: rgb(0, 0, 255);\"><span style=\"font-weight: normal;\">nagy bund\u00e1ban, h\u00f3csizm\u00e1ban.<\/span><\/span><\/p><p style=\"font-style: italic; text-align: center; font-weight: bold;\"><span style=\"color: rgb(0, 0, 255);\"><span style=\"font-weight: normal;\">Beb\u00fajik&nbsp; a kis&nbsp; r\u00e9seken,<\/span><\/span><\/p><p style=\"font-style: italic; text-align: center; font-weight: bold;\"><span style=\"color: rgb(0, 0, 255);\"><span style=\"font-weight: normal;\"> vacogunk, diderg\u00fcnk a naps\u00fct\u00e9sben.<br><\/span><\/span><\/p><p style=\"font-style: italic; text-align: center; font-weight: bold;\"><span style=\"color: rgb(0, 0, 255);\"><span style=\"font-weight: normal;\">\u00c1gon a&nbsp; mad\u00e1r is hallgat,<\/span><\/span><\/p><p style=\"font-style: italic; text-align: center; font-weight: bold;\"><span style=\"color: rgb(0, 0, 255);\"><span style=\"font-weight: normal;\">nincs most ideje n\u00f3t\u00e1j\u00e1nak.<\/span><\/span><\/p><p style=\"font-style: italic; text-align: center; font-weight: bold;\"><span style=\"color: rgb(0, 0, 255);\"><span style=\"font-weight: normal;\">Janu\u00e1r elfutott,<\/span><\/span><\/p><p style=\"font-style: italic; text-align: center; font-weight: bold;\"><span style=\"color: rgb(0, 0, 255);\"><span style=\"font-weight: normal;\">Febru\u00e1r kopogtatott,<\/span><\/span><\/p><p style=\"font-style: italic; text-align: center; font-weight: bold;\"><span style=\"color: rgb(0, 0, 255);\"><span style=\"font-weight: normal;\">\u00e9s egy nagy zs\u00e1k hideget hozott.<\/span><\/span><\/p><p style=\"font-style: italic; text-align: center; font-weight: bold;\"><span style=\"color: rgb(0, 0, 255);\"><span style=\"font-weight: normal;\">Pedig tudhatn\u00e1nk,<\/span><\/span><\/p><p style=\"font-style: italic; text-align: center; font-weight: bold;\"><span style=\"color: rgb(0, 0, 255);\"><span style=\"font-weight: normal;\"> hogy \u0151 ilyen,<\/span><\/span><\/p><p style=\"font-style: italic; text-align: center; font-weight: bold;\"><span style=\"color: rgb(0, 0, 255);\"><span style=\"font-weight: normal;\"> morcos, morg\u00f3s,zimank\u00f3s,<\/span><\/span><\/p><p style=\"font-style: italic; text-align: center; font-weight: bold;\"><span style=\"color: rgb(0, 0, 255);\"><span style=\"font-weight: normal;\"> dermeszt\u0151en hideg.<\/span><\/span><\/p><p style=\"font-style: italic; text-align: center; font-weight: bold;\"><span style=\"color: rgb(0, 0, 255);\"><span style=\"font-weight: normal;\">T\u00e9lut\u00f3, t\u00e9lut\u00f3,<\/span><\/span><\/p><p style=\"font-style: italic; text-align: center; font-weight: bold;\"><span style=\"color: rgb(0, 0, 255);\"><span style=\"font-weight: normal;\">most j\u00f3 \u00e1m a meleg, puha takar\u00f3.<\/span><\/span><\/p><p style=\"font-style: italic; text-align: center; font-weight: bold;\"><span style=\"color: rgb(0, 0, 255);\"><span style=\"font-weight: normal;\"><br><\/span><\/span><\/p><p style=\"text-align: center;\"><span style=\"font-style: italic;\"><span style=\"color: rgb(0, 0, 255);\">vadvir\u00e1g<\/span><\/span><\/p><p style=\"text-align: center;\"><span style=\"font-style: italic;\"><span style=\"color: rgb(0, 0, 255);\">2012.,J\u00e9gbont\u00f3 hava, els\u0151 napja<\/span><\/span><br><\/p>","type":"rich"}