{"version":"1.0","provider_name":"vadvirag","provider_url":"https:\/\/vadvirag.cafeblog.hu","author_name":"kisiren","author_url":"https:\/\/vadvirag.cafeblog.hu\/author\/kisiren-2-2\/","title":"Csod\u00e1latos vil\u00e1g...","html":"<p style=\"text-align: center;\"><span style=\"color: rgb(0, 0, 255);\">&nbsp;<\/span><span style=\"font-style: italic; color: rgb(0, 0, 255); font-weight: bold;\">AUGUSZTUS<\/span><\/p><p style=\"text-align: center; font-style: italic;\"><span style=\"color: rgb(0, 0, 255);\">Kisasszony hava- Sz\u0171z hava- \u00daj keny\u00e9r hava<\/span><br><\/p><table style=\"text-align: left; margin-left: auto; margin-right: auto; font-style: italic;\" border=\"0\" cellpadding=\"0\" cellspacing=\"0\" width=\"460\"><tbody><tr><\/tr><tr><td width=\"30\"><br><\/td>           <td align=\"left\" valign=\"top\" width=\"398\"><br><span style=\"color: rgb(0, 0, 255);\">             <\/span><table border=\"0\" cellpadding=\"0\" cellspacing=\"0\" width=\"380\">             <tbody><tr>                  <td align=\"left\" valign=\"top\"><br><\/td>                 <td align=\"left\" valign=\"top\" width=\"250\"><br><\/td>             <\/tr>             <\/tbody><\/table><span style=\"color: rgb(0, 0, 255);\"> \t\t\t \t\t\t<\/span><font face=\"Verdana, Arial, Helvetica, sans-serif\" size=\"2\"><span style=\"color: rgb(0, 0, 255);\"> \t\t\t<\/span><span style=\"color: rgb(0, 0, 255);\"><\/span><br><span style=\"color: rgb(0, 0, 255);\"> <\/span><\/font><div style=\"text-align: center;\"><font face=\"Verdana, Arial, Helvetica, sans-serif\" size=\"2\"><a name=\"2\"><\/a><span style=\"color: rgb(0, 0, 255); font-weight: bold;\">Szil\u00e1gyi Domokos<\/span><\/font><br><br style=\"font-weight: bold;\"><font style=\"font-weight: bold;\" face=\"Verdana, Arial, Helvetica, sans-serif\" size=\"2\"><span style=\"color: rgb(0, 0, 255);\"> <\/span><font color=\"#669900\"><span style=\"color: rgb(0, 0, 255);\">Ny\u00e1r<\/span><\/font><\/font><br><font face=\"Verdana, Arial, Helvetica, sans-serif\" size=\"2\"><span style=\"color: rgb(0, 0, 255);\"> <\/span><\/font><br><font face=\"Verdana, Arial, Helvetica, sans-serif\" size=\"2\"><span style=\"color: rgb(0, 0, 255);\"> Hajadon f\u00fczek, b\u00fazab\u00f3bit\u00e1k \u2013<\/span><\/font><br><font face=\"Verdana, Arial, Helvetica, sans-serif\" size=\"2\"><span style=\"color: rgb(0, 0, 255);\"> csupa illat \u00e9s vir\u00e1g a vil\u00e1g,<\/span><\/font><br><font face=\"Verdana, Arial, Helvetica, sans-serif\" size=\"2\"><span style=\"color: rgb(0, 0, 255);\"> csupa mosoly \u00e9s csupa kedv, csupa<\/span><\/font><br><font face=\"Verdana, Arial, Helvetica, sans-serif\" size=\"2\"><span style=\"color: rgb(0, 0, 255);\"> libeg\u00e9s: l\u00e1nyokon selyemruha \u2013<\/span><\/font><br><font face=\"Verdana, Arial, Helvetica, sans-serif\" size=\"2\"><span style=\"color: rgb(0, 0, 255);\"> emitt a pipacsok:<\/span><\/font><br><font face=\"Verdana, Arial, Helvetica, sans-serif\" size=\"2\"><span style=\"color: rgb(0, 0, 255);\"> piros kis pamacsok,<\/span><\/font><br><font face=\"Verdana, Arial, Helvetica, sans-serif\" size=\"2\"><span style=\"color: rgb(0, 0, 255);\"> amott, az \u00e9g alatt<\/span><\/font><br><font face=\"Verdana, Arial, Helvetica, sans-serif\" size=\"2\"><span style=\"color: rgb(0, 0, 255);\"> pisze szell\u0151 szalad,<\/span><\/font><br><font face=\"Verdana, Arial, Helvetica, sans-serif\" size=\"2\"><span style=\"color: rgb(0, 0, 255);\"> a felh\u0151 sz\u00e9tszakad,<\/span><\/font><br><font face=\"Verdana, Arial, Helvetica, sans-serif\" size=\"2\"><span style=\"color: rgb(0, 0, 255);\"> s l\u00e1tszik egy k\u00e9k falat<\/span><\/font><br><font face=\"Verdana, Arial, Helvetica, sans-serif\" size=\"2\"><span style=\"color: rgb(0, 0, 255);\"> \u00e9gbolt \u2013 alatta sir\u00fcl el a ny\u00e1r,<\/span><\/font><br><font face=\"Verdana, Arial, Helvetica, sans-serif\" size=\"2\"><span style=\"color: rgb(0, 0, 255);\"> s pacsirtasz\u00f3val frissen kiab\u00e1l:<\/span><\/font><br><font face=\"Verdana, Arial, Helvetica, sans-serif\" size=\"2\"><span style=\"color: rgb(0, 0, 255);\"> \u2013 \u00c9n j\u00e1tszom ugyan,<\/span><\/font><br><font face=\"Verdana, Arial, Helvetica, sans-serif\" size=\"2\"><span style=\"color: rgb(0, 0, 255);\"> de ti<\/span><\/font><br><font face=\"Verdana, Arial, Helvetica, sans-serif\" size=\"2\"><span style=\"color: rgb(0, 0, 255);\"> vegyetek komolyan.<\/span><\/font><\/div><\/td><\/tr><\/tbody><\/table><p style=\"font-style: italic; text-align: center;\"><br><\/p><p style=\"text-align: center; font-style: italic;\"><br><\/p><p style=\"text-align: center; font-style: italic;\"><br><\/p><p style=\"text-align: center; font-style: italic;\"><br><\/p><p style=\"text-align: center; font-style: italic;\"><span style=\"color: rgb(0, 0, 255);\">A hars\u00e1ny naps\u00fct\u00e9sben <\/span><br><span style=\"color: rgb(0, 0, 255);\">oly csapzott m\u00e1r a r\u00e9t <\/span><br><span style=\"color: rgb(0, 0, 255);\">\u00e9s s\u00e1rg\u00e1ll m\u00e1r a lomb k\u00f6zt <\/span><br><span style=\"color: rgb(0, 0, 255);\">a sz\u00e9p aranyran\u00e9t. <\/span><br><span style=\"color: rgb(0, 0, 255);\">M\u00f3kus siv\u00edt m\u00e1r \u00e9s a b\u00fcszke <\/span><br><span style=\"color: rgb(0, 0, 255);\">vadgeszteny\u00e9n is sz\u00far a t\u00fcske. <\/span><br><\/p><p style=\"text-align: center; font-style: italic;\"><span style=\"color: rgb(0, 0, 255); font-weight: bold;\">Radn\u00f3ti Mikl\u00f3s<\/span><br><\/p><p style=\"text-align: center; font-style: italic;\"><br><\/p><p style=\"text-align: center; font-style: italic;\"><br><\/p><p style=\"text-align: center; font-style: italic;\"><br><\/p><p style=\"text-align: center; font-style: italic;\"><span style=\"color: rgb(0, 0, 255);\">Augusztus r\u00e9gi magyar neve <\/span><span style=\"color: rgb(0, 0, 255);\">Kisasszony<\/span><span style=\"color: rgb(0, 0, 255);\">                     <\/span><span style=\"color: rgb(0, 0, 255);\">hava<\/span><span style=\"color: rgb(0, 0, 255);\">, <\/span><span style=\"color: rgb(0, 0, 255);\">Sz\u0171z hava<\/span><span style=\"color: rgb(0, 0, 255);\"> egyk\u00e9ppen utalnak a h\u00f3nap asztrol\u00f3giai jegy\u00e9re \u00e9s a nagy augusztusi M\u00e1ria \u00fcnnepre, <\/span><span style=\"color: rgb(0, 0, 255);\">Nagyboldogasszony<\/span><span style=\"color: rgb(0, 0, 255);\">  napj\u00e1ra. A \u201eKisasszony hava\u201d elnevez\u00e9s nyilv\u00e1n abb\u00f3l az id\u0151b\u0151l val\u00f3,  amikor a \u201enagyboldogasszony\u201d m\u00e9g Szent Anna volt. A tulajdonk\u00e9ppeni <\/span><span style=\"color: rgb(0, 0, 255);\">Kisasszony<\/span><span style=\"color: rgb(0, 0, 255);\"> (<\/span><span style=\"color: rgb(0, 0, 255);\">Kisboldogasszony<\/span><span style=\"color: rgb(0, 0, 255);\">) napja ugyan m\u00e9g a Sz\u0171z hav\u00e1ba, de m\u00e1r szeptemberbe esik.<\/span><\/p><p style=\"text-align: center; font-style: italic;\"><span style=\"color: rgb(0, 0, 255);\">\/<span style=\"font-weight: bold;\">Jankovics Marcell:Jelk\u00e9p - kalend\u00e1rium\/<\/span><\/span><br><\/p><p style=\"text-align: center; font-style: italic;\"><br><\/p><p style=\"text-align: center; font-style: italic;\"><br><\/p><table style=\"text-align: left; margin-left: auto; margin-right: auto; font-style: italic;\" border=\"0\" cellpadding=\"0\" cellspacing=\"0\" width=\"100%\"><tbody><tr><td width=\"100%\"><h2><a name=\"11\"><span style=\"color: rgb(0, 0, 255);\">Ny\u00e1r<\/span><\/a><\/h2><span style=\"color: rgb(0, 0, 255);\">         <\/span><\/td>         <td><a href=\"http:\/\/mek.niif.hu\/02600\/02673\/html\/versek09.htm\"><br><\/a><\/td>         <td><span style=\"color: rgb(0, 0, 255);\">&nbsp;<\/span><\/td>         <td><a href=\"http:\/\/mek.niif.hu\/02600\/02673\/html\/index.htm\"><br><\/a><\/td>     <\/tr> <\/tbody><\/table><div style=\"text-align: center; font-style: italic;\"><span style=\"color: rgb(0, 0, 255);\">  <\/span><\/div><p style=\"text-align: center; font-style: italic;\"><span style=\"color: rgb(0, 0, 255);\">Ballag a K\u00fck\u00fcll\u0151,<\/span><br><span style=\"color: rgb(0, 0, 255);\"> meg-meg\u00e1llva baktat,<\/span><br><span style=\"color: rgb(0, 0, 255);\"> sz\u00fanyogokat fogdos<\/span><br><span style=\"color: rgb(0, 0, 255);\"> a kicsi halaknak. <\/span><\/p><div style=\"text-align: center; font-style: italic;\"><span style=\"color: rgb(0, 0, 255);\">  <\/span><\/div><p style=\"text-align: center; font-style: italic;\"><span style=\"color: rgb(0, 0, 255);\">V\u00e9n bivaly m\u00f3dj\u00e1ra<\/span><br><span style=\"color: rgb(0, 0, 255);\"> olykor kedve szottyan<\/span><br><span style=\"color: rgb(0, 0, 255);\"> el-ellust\u00e1lkodni<\/span><br><span style=\"color: rgb(0, 0, 255);\"> a nagy kanyarokban. <\/span><\/p><div style=\"text-align: center; font-style: italic;\"><span style=\"color: rgb(0, 0, 255);\">  <\/span><\/div><p style=\"text-align: center; font-style: italic;\"><span style=\"color: rgb(0, 0, 255);\">S\u00fctteti a nappal<\/span><br><span style=\"color: rgb(0, 0, 255);\"> hosszasan a h\u00e1t\u00e1t.<\/span><br><span style=\"color: rgb(0, 0, 255);\"> Ha ott lenn\u00e9l, m\u00e9lye<\/span><br><span style=\"color: rgb(0, 0, 255);\"> legm\u00e9ly\u00e9t is l\u00e1tn\u00e1d. <\/span><\/p><div style=\"text-align: center; font-style: italic;\"><span style=\"color: rgb(0, 0, 255);\">  <\/span><\/div><p style=\"text-align: center; font-style: italic;\"><span style=\"color: rgb(0, 0, 255);\">\u00c1m a lustas\u00e1ga<\/span><br><span style=\"color: rgb(0, 0, 255);\"> csak amolyan l\u00e1tszat.<\/span><br><span style=\"color: rgb(0, 0, 255);\"> Ilyenkor gy\u0171jti be<\/span><br><span style=\"color: rgb(0, 0, 255);\"> illat\u00e1t a ny\u00e1rnak. <\/span><\/p><div style=\"text-align: center; font-style: italic;\"><span style=\"color: rgb(0, 0, 255);\">  <\/span><\/div><p style=\"text-align: center; font-style: italic;\"><span style=\"color: rgb(0, 0, 255);\">Azt\u00e1n j\u00f6n a szell\u0151,<\/span><br><span style=\"color: rgb(0, 0, 255);\"> s csillagokig sz\u00e1rnyal<\/span><br><span style=\"color: rgb(0, 0, 255);\"> a ny\u00e1ri K\u00fck\u00fcll\u0151<\/span><br><span style=\"color: rgb(0, 0, 255);\"> esti illat\u00e1val. <\/span><br><\/p><p style=\"text-align: center; font-style: italic;\"><span style=\"color: rgb(0, 0, 255); font-weight: bold;\">K\u00e1ny\u00e1di S\u00e1ndor<\/span><\/p><p style=\"text-align: center; font-style: italic;\"><br><span style=\"color: rgb(0, 0, 255); font-weight: bold;\"><\/span><\/p><span style=\"font-style: italic;\"><\/span><br><div style=\"text-align: center; font-style: italic;\"><span style=\"color: rgb(0, 0, 255);\"><span style=\"font-weight: bold;\">Kicsit &nbsp; &nbsp; &nbsp; &nbsp; &nbsp; &nbsp; &nbsp; &nbsp; &nbsp; &nbsp; &nbsp; &nbsp; &nbsp; &nbsp; &nbsp; &nbsp; &nbsp; &nbsp; &nbsp; &nbsp; &nbsp; &nbsp; &nbsp; &nbsp; &nbsp; &nbsp; &nbsp; &nbsp; &nbsp; &nbsp; &nbsp; &nbsp; &nbsp; &nbsp; &nbsp; &nbsp; &nbsp; &nbsp; &nbsp; &nbsp; &nbsp; &nbsp; &nbsp; &nbsp; &nbsp; &nbsp; &nbsp; &nbsp; &nbsp; &nbsp; &nbsp; &nbsp; &nbsp; &nbsp; &nbsp; &nbsp; &nbsp; <\/span><br>...p\u00e1r\u00e1s, f\u00fclledt a reggel, ilyenkor a korai \u00f3r\u00e1k a legkellemesebbek a teraszon \u00fccs\u00f6r\u00f6gve, finom friss\u00edt\u0151 k\u00e1v\u00e9 , no meg a cseveg\u0151 , ficser\u00e9kel\u0151 bar\u00e1tok t\u00e1rsas\u00e1g\u00e1ban.<\/span><br><span style=\"color: rgb(0, 0, 255);\">Nekik most kell iskol\u00e1ba j\u00e1rniuk, kitanulni az \u00e9let minden apr\u00f3 csinj\u00e1t-binj\u00e1t, hogy meg\u00e1llj\u00e1k hely\u00fcket itthon is, \u00e9s a p\u00f3thaz\u00e1ban is.Most sulykolj\u00e1k fej\u00fckbe, hogy el ne felejts\u00e9k soha, itt van a sz\u00fcl\u0151hely\u00fck, a haz\u00e1juk, ahov\u00e1 vissza kell majd j\u00f6nni\u00fck, hi\u00e1ba utaznak el egy m\u00e1sik messze orsz\u00e1gba, ahol \u00e1tv\u00e9szelik a telet, de az otthonuk itt van.<\/span><br><span style=\"color: rgb(0, 0, 255);\">J\u00f3 volt az id\u0151,a szaporulat, nekik kedvezett a sok csapad\u00e9k, sok kisfecske \u00fcl a dr\u00f3ton.Megvitatnak minden fontos dolgot, majd vez\u00e9nysz\u00f3ra k\u00f6r\u00f6znek. Itt megmutatkozik er\u0151nl\u00e9t\u00fck, \u00fcgyess\u00e9g\u00fck, de a szorgalom, kitart\u00e1s nagy lend\u00edt\u0151 er\u0151.<\/span><br><span style=\"color: rgb(0, 0, 255);\">K\u00e9t kis pirosk\u00e1s buksi bek\u00f6sz\u00f6nt hozz\u00e1m m\u00e9g a teraszra is, b\u00fcszk\u00e9n mutatj\u00e1k, mennyi mindent tanultak tegnap \u00f3ta, azt\u00e1n ism\u00e9t csatlakoznak a t\u00f6bbiekhez.<\/span><br><span style=\"color: rgb(0, 0, 255);\">Kell\u0151 gyakorl\u00e1s ut\u00e1n \u00fajra megpihennek a villanydr\u00f3ton, majd elhussannak a kijel\u00f6lt feladatokat elv\u00e9gezni, de \u00fatk\u00f6zben m\u00e9g visszaki\u00e1ltanak: -Este tal\u00e1lkozunk!<\/span><br><br><span style=\"color: rgb(0, 0, 255);\"><span style=\"font-weight: bold;\">Kellemes&nbsp;&nbsp;&nbsp;&nbsp;&nbsp;&nbsp;&nbsp;&nbsp;&nbsp;&nbsp;&nbsp;&nbsp;&nbsp;&nbsp;&nbsp;&nbsp;&nbsp;&nbsp;&nbsp;&nbsp;&nbsp;&nbsp;&nbsp;&nbsp;&nbsp;&nbsp;&nbsp;&nbsp;&nbsp;&nbsp;&nbsp;&nbsp;&nbsp;&nbsp;&nbsp;&nbsp;&nbsp;&nbsp;&nbsp;&nbsp;&nbsp;&nbsp;&nbsp;&nbsp;&nbsp;&nbsp;&nbsp;&nbsp;&nbsp;&nbsp;&nbsp;&nbsp;&nbsp;&nbsp;&nbsp;&nbsp;&nbsp;&nbsp;&nbsp;&nbsp;&nbsp;&nbsp;&nbsp;&nbsp;&nbsp;&nbsp;&nbsp;&nbsp;&nbsp;&nbsp;&nbsp;&nbsp;&nbsp;&nbsp;&nbsp;&nbsp;&nbsp;&nbsp;&nbsp;&nbsp;&nbsp;&nbsp;&nbsp;&nbsp;&nbsp;&nbsp;&nbsp;&nbsp;&nbsp;&nbsp;&nbsp;&nbsp;&nbsp;&nbsp;&nbsp;&nbsp;&nbsp;&nbsp;&nbsp;&nbsp;&nbsp;&nbsp;&nbsp;&nbsp;&nbsp;&nbsp;&nbsp;&nbsp; <\/span><br>... a d\u00e9lel\u0151tti s\u00e9ta az erd\u0151 \u00e1rnyas f\u00e1i k\u00f6z\u00f6tt.Ilyenkor a lak\u00f3i elpihennek, elcsendesednek, csak a nyomukat l\u00e1thatjuk, mint ezek\u00e9t a vaddiszn\u00f3k\u00e9t, amelyek az \u00e9jszaka sor\u00e1n dorb\u00e9zoltak, dagony\u00e1ztak minden\u00fctt, \u00e9lvezve az el\u0151z\u0151 napok es\u0151inek nyom\u00e1t. Az \u00fat sz\u00e9le minden\u00fctt felt\u00farva, \u00e1tforgatva.<\/span><br><span style=\"color: rgb(0, 0, 255);\">Csak a megduzzadt hegyi patak dalol, fut, siet lefel\u00e9.Ahol \u00fatj\u00e1ba kid\u0151lt f\u00e1t, k\u00f6vet tal\u00e1l, ott hangosabban morog, duruzsol, messzire hallatja hangj\u00e1t.Mennyi iszapot, kavicsot, k\u00f6vet sodort mag\u00e1val a napokban!Mennyi f\u00e9ktelen energia van benne, mely felhaszn\u00e1lva, befogva hasznot hajthat az embereknek, elszabadulva rombol, t\u00e9p, z\u00faz mindent.<\/span><br><span style=\"color: rgb(0, 0, 255);\">A kis forr\u00e1sn\u00e1l megpihenve nem gy\u0151z\u00f6m kapkodni a l\u00e1bam,hogy r\u00e1 ne l\u00e9pjek a sok apr\u00f3 kis z\u00f6ld gy\u00edkra.\u0150k m\u00e1r s\u00fctk\u00e9reznek, \u00e9lvezik a nap meleg\u00e9t.<\/span><br><br><span style=\"color: rgb(0, 0, 255);\">vadvir\u00e1g<\/span><br><br><span style=\"color: rgb(0, 0, 255);\">2010. \u00daj keny\u00e9r hava, m\u00e1sodik napja<\/span><br><\/div>","type":"rich"}