{"version":"1.0","provider_name":"vadvirag","provider_url":"https:\/\/vadvirag.cafeblog.hu","author_name":"kisiren","author_url":"https:\/\/vadvirag.cafeblog.hu\/author\/kisiren-2-2\/","title":"","html":"<P>&nbsp;<\/P>\r\n<P style=\"FONT-STYLE: italic\"><SPAN style=\"COLOR: rgb(0,0,255)\"><SPAN style=\"FONT-WEIGHT: bold\">&nbsp;K\u00f6zeledik..<\/SPAN>.<\/SPAN><\/P>\r\n<P>&nbsp;&nbsp;&nbsp;&nbsp;&nbsp;&nbsp; <IMG class=forumimg title=\"Happy new year!\" border=0 alt=\"Happy new year!\" src=\"http:\/\/www.gifzona.com\/i\/happy_new_year\/ilona-nik\/03.gif\"><\/P>\r\n<P style=\"TEXT-ALIGN: center; FONT-WEIGHT: bold\"><SPAN style=\"FONT-STYLE: italic\"><SPAN style=\"COLOR: rgb(0,0,255)\">Szilveszter \u00e9je 1847-ben<\/SPAN><\/SPAN><\/P>\r\n<P style=\"TEXT-ALIGN: center\"><SPAN style=\"FONT-STYLE: italic\"><SPAN style=\"COLOR: rgb(0,0,255)\">\/r\u00e9szlet\/<\/SPAN><\/SPAN><BR><\/P>\r\n<P style=\"TEXT-ALIGN: center\"><SPAN style=\"COLOR: rgb(0,0,255)\">&nbsp;<\/SPAN><SPAN style=\"FONT-STYLE: italic; COLOR: rgb(0,0,255)\">Haldoklik \u0151, m\u00e1r csak n\u00e9h\u00e1ny halk <\/SPAN><BR style=\"FONT-STYLE: italic\"><SPAN style=\"FONT-STYLE: italic; COLOR: rgb(0,0,255)\">Sz\u00edvdobban\u00e1s van h\u00e1tra, <\/SPAN><BR style=\"FONT-STYLE: italic\"><SPAN style=\"FONT-STYLE: italic; COLOR: rgb(0,0,255)\">S az \u00f6r\u00f6k \u00e9j bor\u00fal e szemre, <\/SPAN><BR style=\"FONT-STYLE: italic\"><SPAN style=\"FONT-STYLE: italic; COLOR: rgb(0,0,255)\">Mely boldogs\u00e1gunk hajnalf\u00e9ny\u00e9t l\u00e1tta... <\/SPAN><BR style=\"FONT-STYLE: italic\"><SPAN style=\"FONT-STYLE: italic; COLOR: rgb(0,0,255)\">Fonjunk \u00e1ld\u00e1sb\u00f3l l\u00edliomf\u00fcz\u00e9rt, <\/SPAN><BR style=\"FONT-STYLE: italic\"><SPAN style=\"FONT-STYLE: italic; COLOR: rgb(0,0,255)\">Megkoszor\u00fazni haldokl\u00f3 fej\u00e9t. <\/SPAN><BR style=\"FONT-STYLE: italic\"><SPAN style=\"COLOR: rgb(0,0,255)\"><\/SPAN><BR style=\"FONT-STYLE: italic\"><SPAN style=\"FONT-STYLE: italic; COLOR: rgb(0,0,255)\">4 <\/SPAN><BR style=\"FONT-STYLE: italic\"><SPAN style=\"COLOR: rgb(0,0,255)\"><\/SPAN><BR style=\"FONT-STYLE: italic\"><SPAN style=\"FONT-STYLE: italic; COLOR: rgb(0,0,255)\">Az esztend\u0151nek a hal\u00e1la <\/SPAN><BR style=\"FONT-STYLE: italic\"><SPAN style=\"FONT-STYLE: italic; COLOR: rgb(0,0,255)\">Oly \u00fcnnep\u00e9lyes egy hal\u00e1l! <\/SPAN><BR style=\"FONT-STYLE: italic\"><SPAN style=\"FONT-STYLE: italic; COLOR: rgb(0,0,255)\">Ilyenkor minden jobb haland\u00f3 <\/SPAN><BR style=\"FONT-STYLE: italic\"><SPAN style=\"FONT-STYLE: italic; COLOR: rgb(0,0,255)\">Elz\u00e1rkozik, mag\u00e1ba sz\u00e1ll, <\/SPAN><BR style=\"FONT-STYLE: italic\"><SPAN style=\"COLOR: rgb(0,0,255)\"><\/SPAN><BR style=\"FONT-STYLE: italic\"><SPAN style=\"FONT-STYLE: italic; COLOR: rgb(0,0,255)\">S nem hogy bar\u00e1tnak, hanem m\u00e9g az <\/SPAN><BR style=\"FONT-STYLE: italic\"><SPAN style=\"FONT-STYLE: italic; COLOR: rgb(0,0,255)\">Ellens\u00e9gnek is megbocs\u00e1t, <\/SPAN><BR style=\"FONT-STYLE: italic\"><SPAN style=\"FONT-STYLE: italic; COLOR: rgb(0,0,255)\">\u00c9s ez val\u00f3ban nagyszer\u0171, sz\u00e9p; <\/SPAN><BR style=\"FONT-STYLE: italic\"><SPAN style=\"FONT-STYLE: italic; COLOR: rgb(0,0,255)\">De \u00e9n is \u00edgy tegyek-e h\u00e1t? <\/SPAN><BR style=\"FONT-STYLE: italic\"><\/P>\r\n<DIV style=\"TEXT-ALIGN: center; FONT-STYLE: italic\"><SPAN style=\"COLOR: rgb(0,0,255); FONT-WEIGHT: bold\">\/Pet\u0151fi S\u00e1ndor\/<\/SPAN><SPAN style=\"COLOR: rgb(0,0,255)\"><\/SPAN><\/DIV>\r\n<P style=\"TEXT-ALIGN: center; FONT-STYLE: italic\"><SPAN style=\"COLOR: rgb(0,0,255)\">&nbsp;<\/SPAN><\/P>\r\n<DIV style=\"TEXT-ALIGN: center; FONT-STYLE: italic\"><SPAN style=\"COLOR: rgb(0,0,255)\"><\/SPAN><\/DIV>\r\n<P style=\"TEXT-ALIGN: center; FONT-STYLE: italic\"><SPAN style=\"COLOR: rgb(0,0,255)\">&nbsp;<\/SPAN><\/P>\r\n<DIV style=\"TEXT-ALIGN: center; FONT-STYLE: italic\"><SPAN style=\"COLOR: rgb(0,0,255)\"><\/SPAN><\/DIV>\r\n<P style=\"TEXT-ALIGN: center; FONT-STYLE: italic\"><A href=\"http:\/\/www.pic-upload.de\/view-4062305\/szilveszter081219a.jpg.html\" target=_blank><IMG class=forumimg border=0 alt=\"Bilder hochladen\" src=\"http:\/\/www4.pic-upload.de\/27.12.09\/m8m9bw1dwyy.jpg\"><\/A><\/P>\r\n<DIV style=\"TEXT-ALIGN: center; FONT-STYLE: italic\"><SPAN style=\"COLOR: rgb(0,0,255)\"><\/SPAN><\/DIV>\r\n<P style=\"TEXT-ALIGN: center; FONT-STYLE: italic\"><SPAN style=\"COLOR: rgb(0,0,255)\">&nbsp;<\/SPAN><\/P>\r\n<DIV style=\"TEXT-ALIGN: center; FONT-STYLE: italic\"><SPAN style=\"COLOR: rgb(0,0,255)\">Bek\u00f6sz\u00f6n\u00fcnk ma hozz\u00e1tok, <\/SPAN><BR><SPAN style=\"COLOR: rgb(0,0,255)\">H\u00e1zak boldog urai. <\/SPAN><BR><SPAN style=\"COLOR: rgb(0,0,255)\">\u00c9s kiv\u00e1nunk, \u00e9s ohajtunk <\/SPAN><BR><SPAN style=\"COLOR: rgb(0,0,255)\">\u00dajn\u00e1l \u00fajabb esztend\u0151t, <\/SPAN><BR><SPAN style=\"COLOR: rgb(0,0,255)\">Szerencs\u00e9vel rakodottat, <\/SPAN><BR><SPAN style=\"COLOR: rgb(0,0,255)\">Nem is egyet, sem kett\u0151t, <\/SPAN><BR><SPAN style=\"COLOR: rgb(0,0,255)\">Hanem igen, igen sokat, <\/SPAN><BR><SPAN style=\"COLOR: rgb(0,0,255)\">Annyit, mint a kis vil\u00e1g, <\/SPAN><BR><SPAN style=\"COLOR: rgb(0,0,255)\">Mennyi csillag van az \u00e9gen, <\/SPAN><BR><SPAN style=\"COLOR: rgb(0,0,255)\">R\u00e9gi f\u00e1kon mennyi \u00e1g. <\/SPAN><BR><SPAN style=\"COLOR: rgb(0,0,255)\">De tal\u00e1n az sok is volna; <\/SPAN><BR><SPAN style=\"COLOR: rgb(0,0,255)\">Semmib\u0151l sem j\u00f3 a sok; <\/SPAN><BR><SPAN style=\"COLOR: rgb(0,0,255)\">\u00c9ljetek m\u00edg kedvetek tart, <\/SPAN><BR><SPAN style=\"COLOR: rgb(0,0,255)\">\u00c9ljen \u00fari h\u00e1zatok,<\/SPAN><BR><BR><SPAN style=\"COLOR: rgb(0,0,255); FONT-WEIGHT: bold\">\/V\u00f6r\u00f6smarty Mih\u00e1ly \/<\/SPAN><BR><\/DIV>\r\n<P style=\"TEXT-ALIGN: center; FONT-STYLE: italic\"><BR><\/P>\r\n<P style=\"TEXT-ALIGN: center; FONT-STYLE: italic\"><BR><\/P>\r\n<P style=\"TEXT-ALIGN: center; FONT-STYLE: italic\"><\/P>\r\n<DIV style=\"TEXT-ALIGN: center; FONT-STYLE: italic\"><SPAN style=\"COLOR: rgb(0,0,255)\"><\/SPAN><\/DIV>\r\n<DIV style=\"TEXT-ALIGN: center; FONT-STYLE: italic\"><SPAN style=\"COLOR: rgb(0,0,255)\"><\/SPAN><\/DIV>\r\n<P style=\"TEXT-ALIGN: center; FONT-STYLE: italic\"><A href=\"http:\/\/www.pic-upload.de\/view-4067141\/szilveszter.jpg.html\" target=_blank><IMG class=forumimg border=0 alt=\"Bilder hochladen\" src=\"http:\/\/www4.pic-upload.de\/27.12.09\/sjvevqvm4omo.jpg\"><\/A><\/P>\r\n<DIV style=\"TEXT-ALIGN: center; FONT-STYLE: italic\"><SPAN style=\"COLOR: rgb(0,0,255)\"><\/SPAN><\/DIV>\r\n<P style=\"TEXT-ALIGN: center; FONT-STYLE: italic\"><SPAN style=\"COLOR: rgb(0,0,255)\">&nbsp;<\/SPAN><\/P>\r\n<P style=\"TEXT-ALIGN: center; FONT-STYLE: italic\"><BR><\/P>\r\n<P style=\"TEXT-ALIGN: center; FONT-STYLE: italic\"><SPAN style=\"COLOR: rgb(0,0,255)\">\u00daj \u00e9v Istene, tarts meg <\/SPAN><BR><SPAN style=\"COLOR: rgb(0,0,255)\">Magamnak <\/SPAN><BR><SPAN style=\"COLOR: rgb(0,0,255)\">S tarts meg mindenkit <\/SPAN><BR><SPAN style=\"COLOR: rgb(0,0,255)\">A r\u00e9ginek, <\/SPAN><BR><SPAN style=\"COLOR: rgb(0,0,255)\">Ha lehet: <\/SPAN><BR><SPAN style=\"COLOR: rgb(0,0,255)\">Boldog \u00faj \u00e9vet kiv\u00e1nok. <\/SPAN><BR><\/P>\r\n<P style=\"TEXT-ALIGN: center; FONT-STYLE: italic\"><SPAN style=\"COLOR: rgb(0,0,255); FONT-WEIGHT: bold\">\/Ady Endre \/<\/SPAN><BR><\/P>\r\n<P style=\"TEXT-ALIGN: center; FONT-STYLE: italic\"><BR><\/P>\r\n<P style=\"TEXT-ALIGN: center; FONT-STYLE: italic\"><IMG alt=hoember-098.jpg align=left src=\"http:\/\/static.hatterkepek.hu\/preview\/www\/givenchy\/20070705_155749\/hoember-098.jpg\" width=300 height=240><\/P>\r\n<P style=\"TEXT-ALIGN: center; FONT-STYLE: italic\"><BR><\/P>\r\n<P style=\"TEXT-ALIGN: center; FONT-STYLE: italic\"><BR><\/P>\r\n<P style=\"TEXT-ALIGN: center; FONT-STYLE: italic\"><BR><\/P>\r\n<P style=\"TEXT-ALIGN: center; FONT-STYLE: italic\"><BR><\/P>\r\n<P style=\"TEXT-ALIGN: center; LINE-HEIGHT: normal; FONT-STYLE: italic; FONT-WEIGHT: bold\" class=MsoNormal><SPAN style=\"FONT-SIZE: 10pt\"><SPAN style=\"COLOR: rgb(0,0,255)\">Nagy L\u00e1szl\u00f3: - <\/SPAN><BR><SPAN style=\"COLOR: rgb(0,0,255)\">ADJON AZ ISTEN<\/SPAN><\/SPAN><\/P>\r\n<DIV style=\"TEXT-ALIGN: center; FONT-STYLE: italic; FONT-WEIGHT: bold\"><SPAN style=\"COLOR: rgb(0,0,255)\"><\/SPAN><\/DIV>\r\n<P style=\"TEXT-ALIGN: center; FONT-STYLE: italic; FONT-WEIGHT: bold\"><SPAN style=\"FONT-SIZE: 10pt\"><SPAN style=\"COLOR: rgb(0,0,255)\">Adjon az Isten <\/SPAN><BR><SPAN style=\"COLOR: rgb(0,0,255)\">szerencs\u00e9t, <\/SPAN><BR><SPAN style=\"COLOR: rgb(0,0,255)\">szerelmet, forr\u00f3 <\/SPAN><BR><SPAN style=\"COLOR: rgb(0,0,255)\">kemenc\u00e9t, <\/SPAN><BR><SPAN style=\"COLOR: rgb(0,0,255)\">\u00fcres v\u00e9k\u00e1mba <\/SPAN><BR><SPAN style=\"COLOR: rgb(0,0,255)\">gabon\u00e1t, <\/SPAN><BR><SPAN style=\"COLOR: rgb(0,0,255)\">\u00e1rva kezembe <\/SPAN><BR><SPAN style=\"COLOR: rgb(0,0,255)\">parol\u00e1t, <\/SPAN><BR><SPAN style=\"COLOR: rgb(0,0,255)\">l\u00e1mp\u00e1mba l\u00e1ngot, <\/SPAN><BR><SPAN style=\"COLOR: rgb(0,0,255)\">ne kelljen <\/SPAN><BR><SPAN style=\"COLOR: rgb(0,0,255)\">kor\u00e1n az \u00e1gyra <\/SPAN><BR><SPAN style=\"COLOR: rgb(0,0,255)\">hevernem,<\/SPAN><\/SPAN><\/P>\r\n<DIV style=\"TEXT-ALIGN: center; FONT-STYLE: italic; FONT-WEIGHT: bold\"><SPAN style=\"COLOR: rgb(0,0,255)\"><\/SPAN><\/DIV>\r\n<P style=\"TEXT-ALIGN: center; FONT-STYLE: italic; FONT-WEIGHT: bold\"><SPAN style=\"FONT-SIZE: 10pt\"><SPAN style=\"COLOR: rgb(0,0,255)\">k\u00e9rd\u00e9sre v\u00e1laszt <\/SPAN><BR><SPAN style=\"COLOR: rgb(0,0,255)\">\u00f5 k\u00fcldj\u00f6n, <\/SPAN><BR><SPAN style=\"COLOR: rgb(0,0,255)\">hogy hitem sz\u00e9jjel <\/SPAN><BR><SPAN style=\"COLOR: rgb(0,0,255)\">ne d\u00fclj\u00f6n, <\/SPAN><BR><SPAN style=\"COLOR: rgb(0,0,255)\">adjon az Isten <\/SPAN><BR><SPAN style=\"COLOR: rgb(0,0,255)\">f\u00e9nyeket, <\/SPAN><BR><SPAN style=\"COLOR: rgb(0,0,255)\">temet\u00f5k helyett <\/SPAN><BR><SPAN style=\"COLOR: rgb(0,0,255)\">\u00e9letet -- <\/SPAN><BR><SPAN style=\"COLOR: rgb(0,0,255)\">nekem a k\u00e9r\u00e9s <\/SPAN><BR><SPAN style=\"COLOR: rgb(0,0,255)\">nagy sz\u00e9gyen, <\/SPAN><BR><SPAN style=\"COLOR: rgb(0,0,255)\">adjon ugyis, ha <\/SPAN><BR><SPAN style=\"COLOR: rgb(0,0,255)\">nem k\u00e9rem. <\/SPAN><\/SPAN><\/P>\r\n<P><BR>&nbsp;<\/P>\r\n<P>&nbsp;<\/P>\r\n<P><IMG alt=buek-001 align=left src=\"http:\/\/static.hatterkepek.hu\/preview\/Unnepek\/BUEK\/BUEK01.jpg\" width=300 height=240><\/P>\r\n<P>&nbsp;&nbsp; <\/P>\r\n<P>&nbsp;<\/P>\r\n<P>&nbsp;<\/P>\r\n<P>&nbsp;<\/P>\r\n<P>&nbsp;<\/P>\r\n<P>&nbsp;<\/P>\r\n<P>&nbsp;&nbsp;&nbsp; <\/P>\r\n<P style=\"TEXT-ALIGN: justify; FONT-STYLE: italic; FONT-WEIGHT: bold\"><SPAN style=\"COLOR: rgb(0,0,255)\">T\u00e1voz\u00f3ban<\/SPAN><\/P>\r\n<P style=\"TEXT-ALIGN: justify; FONT-STYLE: italic\"><SPAN style=\"COLOR: rgb(0,0,255)\">Elmerengve \u00fcl a k\u00e1lyha mellett, figyeli a t\u0171z j\u00e1t\u00e9k\u00e1t. K\u00f6zben elt\u0171n\u0151dik&nbsp; mag\u00e1ban, felid\u00e9zve az elm\u00falt \u00e9v esem\u00e9nyeit. Sz\u00e1mot vet, mit csin\u00e1lt j\u00f3l, mit rontott el, b\u00e1r tudja, hogy sok baj okoz\u00f3ja nem \u0151 volt, mert a term\u00e9szet \u0171z\u00f6tt vele gyakran durva tr\u00e9f\u00e1t.<\/SPAN><\/P>\r\n<P style=\"TEXT-ALIGN: justify; FONT-STYLE: italic\"><SPAN style=\"COLOR: rgb(0,0,255)\">\u00cdgy visszatekintve, m\u00e9gis mennyi boldog percre eml\u00e9kszik sz\u00edvesen<\/SPAN><SPAN style=\"COLOR: rgb(0,0,255)\">, amit j\u00f3 volt meg\u00e9lni.<\/SPAN><SPAN style=\"COLOR: rgb(0,0,255)\"> Mellette persze ott vannak a gondok, bajok, melyek egyre sokasodnak, ahogy a vil\u00e1gban is egyre t\u00f6bb lesz a kuszas\u00e1g. Pedig mennyi tehets\u00e9ges embert megismert, akik egy\u00fctt sokat tehetn\u00e9nek a bajok orvosl\u00e1s\u00e1n tud\u00e1sukkal, tapasztalatukkal. Hov\u00e1 lesz ez a&nbsp; tehets\u00e9g?! Helyette van a sok k\u00f6z\u00e9pszer\u0171, telhetetlen <\/SPAN><SPAN style=\"COLOR: rgb(0,0,255)\">, p\u00e9nzs\u00f3v\u00e1r, akiknek semmi sem dr\u00e1ga, m\u00e9g a j\u00f6v\u0151 sem.<\/SPAN><\/P>\r\n<P style=\"TEXT-ALIGN: justify; FONT-STYLE: italic\"><SPAN style=\"COLOR: rgb(0,0,255)\">Eh! K\u00e1r itt minden sz\u00f3. Lassan szedel\u0151zk\u00f6dik, csomagol. Nem sok mindent visz m\u00e1r mag\u00e1val, hiszen ideje hamarosan lej\u00e1r.Tizenk\u00e9t gyermek\u00e9t felnevelte. Mind aranyos volt a sz\u00e1m\u00e1ra. Az utols\u00f3,&nbsp; \u00e1lom hava vele egy\u00fctt t\u00e1vozik, hogy \u00e1tadj\u00e1k hely\u00fcket egy fiatalabb, energikus, \u00faj \u00e9vnek, a j\u00f6v\u0151nek, melyet \u00faj rem\u00e9nyekkel v\u00e1rnak a F\u00f6ld lak\u00f3i.&nbsp;<\/SPAN><\/P>\r\n<P style=\"TEXT-ALIGN: justify\"><SPAN style=\"FONT-STYLE: italic\"><SPAN style=\"COLOR: rgb(0,0,255)\">T\u00e9tov\u00e1n fel\u00e1ll, k\u00e9mleli az utat, merre induljon majd , hiszen egyre gyeng\u00e9bb, ereje fogyt\u00e1n.Pedig de szeretne m\u00e9g maradni! De nem lehet. \u00c1t kell adni a hely\u00e9t...<\/SPAN><SPAN style=\"COLOR: rgb(0,0,255)\">Halkan l\u00e9pkedve k\u00f6zeledik <SPAN style=\"FONT-WEIGHT: bold\">2010<\/SPAN>...<\/SPAN><SPAN style=\"COLOR: rgb(0,0,255)\">Bel\u0151le pedig eml\u00e9k, <SPAN style=\"FONT-WEIGHT: bold\">m\u00falt<\/SPAN> lesz.<\/SPAN><\/SPAN><\/P>\r\n<P style=\"TEXT-ALIGN: justify; FONT-STYLE: italic\"><SPAN style=\"COLOR: rgb(0,0,255)\">\u00edrta: vadvir\u00e1g<\/SPAN><\/P>\r\n<P style=\"TEXT-ALIGN: justify\"><SPAN style=\"FONT-STYLE: italic\"><SPAN style=\"COLOR: rgb(0,0,255)\">2009. \u00c1lom hava, 30. napja<\/SPAN><\/SPAN><BR><\/P>","type":"rich"}