{"version":"1.0","provider_name":"vadvirag","provider_url":"https:\/\/vadvirag.cafeblog.hu","author_name":"kisiren","author_url":"https:\/\/vadvirag.cafeblog.hu\/author\/kisiren-2-2\/","title":"","html":"<P>&nbsp;Gondolkodom...<\/P>\r\n<P align=justify>Azon pl., hogy van az, hogy iskol\u00e1kat megsz\u00fcntetnek, \u00f6sszevonnak, pedag\u00f3gusok maradnak \u00e1ll\u00e1s n\u00e9lk\u00fcl, ugyanakkor m\u0171v. iskol\u00e1k vesznek fel tan\u00e1rokat, n\u00f6velhetik a l\u00e9tsz\u00e1mot.<\/P>\r\n<P align=justify>Hogy is van ez? Nem jelentkeznek az egyetemek term. tud. karaira elegend\u0151en, nem szeretik a di\u00e1kok a fizik\u00e1t, matematik\u00e1t, k\u00e9mi\u00e1t, lassan m\u00e1r tan\u00e1rok sem lesznek, akik ezeket a t\u00e1rgyakat magas szinten oktatn\u00e1k. A sok \u00e9rtelmetlen reformmal el\u00e9rt\u00fck azt, hogy fontos tant\u00e1rgyak, mint anyanyelv, mat., fizika, stb.m\u00e1r l\u00e9nyegtelen lett, lecs\u00f6kkentve az \u00f3rasz\u00e1mukat. Meg is lett az eredm\u00e9ny: nem tud a tanul\u00f3k t\u00f6bbs\u00e9ge megfelel\u0151 szinten olvasni, az olvasottakat meg\u00e9rteni, helyesen \u00edrni, sz\u00e1molni, ...<\/P>\r\n<P align=justify>H\u00e1nyszor bosszankodtunk a m\u0171v. iskol\u00e1k alakul\u00e1sakor, hogy volt kezd\u0151 tan\u00edtv\u00e1nyaink&nbsp; ezekben az iskol\u00e1kban r\u00f6gt\u00f6n dupl\u00e1j\u00e1t kerest\u00e9k a mi fizet\u00e9seinknek, arr\u00f3l nem is besz\u00e9lve, nem kellett megtan\u00edtaniuk a gyerekeket olvasni, \u00edrni, sz\u00e1molni, vagyis mindarra, ami m\u00e9rhet\u0151, k\u00e9zzelfoghat\u00f3. A kett\u0151&nbsp; felel\u0151ss\u00e9ge k\u00f6z\u00f6tt \u00f3ri\u00e1si&nbsp; a k\u00fcl\u00f6mbs\u00e9g.Nem sz\u00f3lva arr\u00f3l, hogy sokan m\u00e1sod\u00e1ll\u00e1sban csin\u00e1lt\u00e1k. Viszont tudjuk, hogy aki a pedag\u00f3gus\u00e1ll\u00e1st hivat\u00e1sk\u00e9nt gyakorolja, az k\u00e9ptelen erre, mert nincs r\u00e1 ideje.<\/P>\r\n<P align=justify>Mi lett volna anno a megold\u00e1s? Sokszor elmondtuk, ma is sokan \u00edgy gondoljuk, hogy helyben, az adott iskol\u00e1ban kellett volna a gyerekeket a napk\u00f6zi keretein bel\u00fcl tan\u00edtani t\u00e1ncra, b\u00e1bra, zen\u00e9re,...stb., mert minden iskol\u00e1ban adottak r\u00e1 a lelkes pedag\u00f3gusok, m\u00e9g akkor is, ha nem mindegyik szaktan\u00e1r,de van hozz\u00e1 \u00e9rz\u00e9ke,sz\u00edve, lelkesed\u00e9se. Valamikor is megtan\u00edtotta az egyszem falusi tan\u00edt\u00f3 a gyerekeket zen\u00e9lni, t\u00e1ncolni,k\u00e9zimunk\u00e1zni, sz\u00ednj\u00e1tsz\u00e1sra,&nbsp;sportolni,...stb.<\/P>\r\n<P align=justify>Mennyi \u00e1tgondolatlan, fejetlen d\u00f6nt\u00e9s, ami miatt lassan, de biztosan cs\u00faszunk lefel\u00e9...Hiszen a&nbsp;&nbsp;hozz\u00e1\u00e9rt\u0151ket elfelejtett\u00e9k megk\u00e9rdezni,az anyagi&nbsp;vonzat\u00e1r\u00f3l nem is sz\u00f3lva...&nbsp;<\/P>\r\n<P align=justify>\u00c9s ez m\u00e9g csak az oktat\u00e1s. De hol a t\u00f6bbi szakter\u00fclet, a maga fejetlens\u00e9geivel egy\u00fctt?<\/P>\r\n<P align=justify>&nbsp;<\/P>\r\n<P align=justify>vadvir\u00e1g<\/P>","type":"rich"}